{"id":1054,"date":"2020-03-29T15:13:52","date_gmt":"2020-03-29T15:13:52","guid":{"rendered":"https:\/\/www.kaukinen.net\/?page_id=1054"},"modified":"2023-05-22T10:18:47","modified_gmt":"2023-05-22T10:18:47","slug":"bodo-ja-senja-kesa-2009","status":"publish","type":"page","link":"https:\/\/www.kaukinen.net\/?page_id=1054","title":{"rendered":"Bod\u00f8 ja Senja, kes\u00e4 2009"},"content":{"rendered":"\n<figure class=\"wp-block-image\"><img loading=\"lazy\" decoding=\"async\" width=\"800\" height=\"533\" src=\"https:\/\/www.kaukinen.net\/wp-content\/uploads\/2020\/03\/norja09_01.jpg\" alt=\"\" class=\"wp-image-1053\" srcset=\"https:\/\/www.kaukinen.net\/wp-content\/uploads\/2020\/03\/norja09_01.jpg 800w, https:\/\/www.kaukinen.net\/wp-content\/uploads\/2020\/03\/norja09_01-300x200.jpg 300w, https:\/\/www.kaukinen.net\/wp-content\/uploads\/2020\/03\/norja09_01-768x512.jpg 768w\" sizes=\"(max-width: 800px) 85vw, 800px\" \/><figcaption class=\"wp-element-caption\">Reilun 30 kilometrin p\u00e4\u00e4st\u00e4 Bod\u00f8n kaupungista it\u00e4\u00e4n l\u00f6yt\u00e4\u00e4 t\u00e4m\u00e4n pitk\u00e4n Saltstraumenin sillan (Saltstraumbrua).\n<\/figcaption><\/figure>\n\n\n\n<figure class=\"wp-block-image\"><img loading=\"lazy\" decoding=\"async\" width=\"800\" height=\"533\" src=\"https:\/\/www.kaukinen.net\/wp-content\/uploads\/2020\/03\/norja09_02.jpg\" alt=\"\" class=\"wp-image-1052\" srcset=\"https:\/\/www.kaukinen.net\/wp-content\/uploads\/2020\/03\/norja09_02.jpg 800w, https:\/\/www.kaukinen.net\/wp-content\/uploads\/2020\/03\/norja09_02-300x200.jpg 300w, https:\/\/www.kaukinen.net\/wp-content\/uploads\/2020\/03\/norja09_02-768x512.jpg 768w\" sizes=\"(max-width: 800px) 85vw, 800px\" \/><figcaption class=\"wp-element-caption\">Saltstraumen on ehk\u00e4 maailman voimakkain vuorovesivirta ja suosittu kalastuspaikka. T\u00e4ss\u00e4 kuvassa kaikki n\u00e4ytt\u00e4\u00e4 viel\u00e4 rauhalliselta. \n\n<\/figcaption><\/figure>\n\n\n\n<figure class=\"wp-block-image\"><img loading=\"lazy\" decoding=\"async\" width=\"800\" height=\"534\" src=\"https:\/\/www.kaukinen.net\/wp-content\/uploads\/2020\/03\/norja09_03.jpg\" alt=\"\" class=\"wp-image-1051\" srcset=\"https:\/\/www.kaukinen.net\/wp-content\/uploads\/2020\/03\/norja09_03.jpg 800w, https:\/\/www.kaukinen.net\/wp-content\/uploads\/2020\/03\/norja09_03-300x200.jpg 300w, https:\/\/www.kaukinen.net\/wp-content\/uploads\/2020\/03\/norja09_03-768x513.jpg 768w\" sizes=\"(max-width: 800px) 85vw, 800px\" \/><figcaption class=\"wp-element-caption\">Sillan alla kulkee vuoroveden mukana 400 miljoonaa kuutioita vett\u00e4 yhteen suuntaan ja kuuden tunnin kuluttua taas toiseen suuntaan.\n<\/figcaption><\/figure>\n\n\n\n<figure class=\"wp-block-image\"><img loading=\"lazy\" decoding=\"async\" width=\"800\" height=\"533\" src=\"https:\/\/www.kaukinen.net\/wp-content\/uploads\/2020\/03\/norja09_04.jpg\" alt=\"\" class=\"wp-image-1050\" srcset=\"https:\/\/www.kaukinen.net\/wp-content\/uploads\/2020\/03\/norja09_04.jpg 800w, https:\/\/www.kaukinen.net\/wp-content\/uploads\/2020\/03\/norja09_04-300x200.jpg 300w, https:\/\/www.kaukinen.net\/wp-content\/uploads\/2020\/03\/norja09_04-768x512.jpg 768w\" sizes=\"(max-width: 800px) 85vw, 800px\" \/><figcaption class=\"wp-element-caption\">Py\u00f6rteisess\u00e4 virrassa on hengenvaarallista liikkua, ellei tied\u00e4 mit\u00e4 on tekem\u00e4ss\u00e4. Vesimassat liikkuvat jopa 40 km\/h -vauhdilla.\n<\/figcaption><\/figure>\n\n\n\n<figure class=\"wp-block-image\"><img loading=\"lazy\" decoding=\"async\" width=\"800\" height=\"533\" src=\"https:\/\/www.kaukinen.net\/wp-content\/uploads\/2020\/03\/norja09_05.jpg\" alt=\"\" class=\"wp-image-1049\" srcset=\"https:\/\/www.kaukinen.net\/wp-content\/uploads\/2020\/03\/norja09_05.jpg 800w, https:\/\/www.kaukinen.net\/wp-content\/uploads\/2020\/03\/norja09_05-300x200.jpg 300w, https:\/\/www.kaukinen.net\/wp-content\/uploads\/2020\/03\/norja09_05-768x512.jpg 768w\" sizes=\"(max-width: 800px) 85vw, 800px\" \/><figcaption class=\"wp-element-caption\">Edelleen Saltstraumenin ymp\u00e4rist\u00f6\u00e4.\n<\/figcaption><\/figure>\n\n\n\n<figure class=\"wp-block-image\"><img loading=\"lazy\" decoding=\"async\" width=\"800\" height=\"533\" src=\"https:\/\/www.kaukinen.net\/wp-content\/uploads\/2020\/03\/norja09_06.jpg\" alt=\"\" class=\"wp-image-1048\" srcset=\"https:\/\/www.kaukinen.net\/wp-content\/uploads\/2020\/03\/norja09_06.jpg 800w, https:\/\/www.kaukinen.net\/wp-content\/uploads\/2020\/03\/norja09_06-300x200.jpg 300w, https:\/\/www.kaukinen.net\/wp-content\/uploads\/2020\/03\/norja09_06-768x512.jpg 768w\" sizes=\"(max-width: 800px) 85vw, 800px\" \/><figcaption class=\"wp-element-caption\">Norjan Ilmailumuseo (Norsk Luftfartsmuseum) Bod\u00f8ss\u00e4 oli v\u00e4h\u00e4n pime\u00e4 paikka valokuvaamiselle.\n<\/figcaption><\/figure>\n\n\n\n<figure class=\"wp-block-image\"><img loading=\"lazy\" decoding=\"async\" width=\"800\" height=\"533\" src=\"https:\/\/www.kaukinen.net\/wp-content\/uploads\/2020\/03\/norja09_07.jpg\" alt=\"\" class=\"wp-image-1047\" srcset=\"https:\/\/www.kaukinen.net\/wp-content\/uploads\/2020\/03\/norja09_07.jpg 800w, https:\/\/www.kaukinen.net\/wp-content\/uploads\/2020\/03\/norja09_07-300x200.jpg 300w, https:\/\/www.kaukinen.net\/wp-content\/uploads\/2020\/03\/norja09_07-768x512.jpg 768w\" sizes=\"(max-width: 800px) 85vw, 800px\" \/><figcaption class=\"wp-element-caption\">Ilmailumuseo, yksityiskohta pienoismalliasetelmasta.\n<\/figcaption><\/figure>\n\n\n\n<figure class=\"wp-block-image\"><img loading=\"lazy\" decoding=\"async\" width=\"800\" height=\"533\" src=\"https:\/\/www.kaukinen.net\/wp-content\/uploads\/2020\/03\/norja09_08.jpg\" alt=\"\" class=\"wp-image-1046\" srcset=\"https:\/\/www.kaukinen.net\/wp-content\/uploads\/2020\/03\/norja09_08.jpg 800w, https:\/\/www.kaukinen.net\/wp-content\/uploads\/2020\/03\/norja09_08-300x200.jpg 300w, https:\/\/www.kaukinen.net\/wp-content\/uploads\/2020\/03\/norja09_08-768x512.jpg 768w\" sizes=\"(max-width: 800px) 85vw, 800px\" \/><figcaption class=\"wp-element-caption\">K\u00e4v\u00e4isimme my\u00f6s Ruotsin puolella Riksgr\u00e4nsen -nimisess\u00e4 kyl\u00e4ss\u00e4 Kiirunassa. Malmiradaksi rakennetun Luulajasta Narvikin viev\u00e4n rautatien Norjan puoleista osuutta kutsutaan nimell\u00e4 Ofotbanen.\n<\/figcaption><\/figure>\n\n\n\n<figure class=\"wp-block-image\"><img loading=\"lazy\" decoding=\"async\" width=\"800\" height=\"534\" src=\"https:\/\/www.kaukinen.net\/wp-content\/uploads\/2020\/03\/norja09_09.jpg\" alt=\"\" class=\"wp-image-1045\" srcset=\"https:\/\/www.kaukinen.net\/wp-content\/uploads\/2020\/03\/norja09_09.jpg 800w, https:\/\/www.kaukinen.net\/wp-content\/uploads\/2020\/03\/norja09_09-300x200.jpg 300w, https:\/\/www.kaukinen.net\/wp-content\/uploads\/2020\/03\/norja09_09-768x513.jpg 768w\" sizes=\"(max-width: 800px) 85vw, 800px\" \/><figcaption class=\"wp-element-caption\">Kuvat on otettu junan ikkunan l\u00e4pi.\n<\/figcaption><\/figure>\n\n\n\n<figure class=\"wp-block-image\"><img loading=\"lazy\" decoding=\"async\" width=\"800\" height=\"533\" src=\"https:\/\/www.kaukinen.net\/wp-content\/uploads\/2020\/03\/norja09_10.jpg\" alt=\"\" class=\"wp-image-1044\" srcset=\"https:\/\/www.kaukinen.net\/wp-content\/uploads\/2020\/03\/norja09_10.jpg 800w, https:\/\/www.kaukinen.net\/wp-content\/uploads\/2020\/03\/norja09_10-300x200.jpg 300w, https:\/\/www.kaukinen.net\/wp-content\/uploads\/2020\/03\/norja09_10-768x512.jpg 768w\" sizes=\"(max-width: 800px) 85vw, 800px\" \/><figcaption class=\"wp-element-caption\">S\u00e4\u00e4 oli harmaa ja kolea, mutta maisemat hienoja vuonoineen, kallioineen ja metsineen. <\/figcaption><\/figure>\n\n\n\n<figure class=\"wp-block-image\"><img loading=\"lazy\" decoding=\"async\" width=\"800\" height=\"533\" src=\"https:\/\/www.kaukinen.net\/wp-content\/uploads\/2020\/03\/norja09_11.jpg\" alt=\"\" class=\"wp-image-1043\" srcset=\"https:\/\/www.kaukinen.net\/wp-content\/uploads\/2020\/03\/norja09_11.jpg 800w, https:\/\/www.kaukinen.net\/wp-content\/uploads\/2020\/03\/norja09_11-300x200.jpg 300w, https:\/\/www.kaukinen.net\/wp-content\/uploads\/2020\/03\/norja09_11-768x512.jpg 768w\" sizes=\"(max-width: 800px) 85vw, 800px\" \/><figcaption class=\"wp-element-caption\">Senja on suuri, kaunis saari Lofoottien pohjoispuolella. Turistikohteena se ei ole yht\u00e4 suosittu kuin Lofootit, mutta hienoja maisemia l\u00f6ytyy sielt\u00e4kin. <\/figcaption><\/figure>\n\n\n\n<figure class=\"wp-block-image\"><img loading=\"lazy\" decoding=\"async\" width=\"800\" height=\"533\" src=\"https:\/\/www.kaukinen.net\/wp-content\/uploads\/2020\/03\/norja09_12.jpg\" alt=\"\" class=\"wp-image-1042\" srcset=\"https:\/\/www.kaukinen.net\/wp-content\/uploads\/2020\/03\/norja09_12.jpg 800w, https:\/\/www.kaukinen.net\/wp-content\/uploads\/2020\/03\/norja09_12-300x200.jpg 300w, https:\/\/www.kaukinen.net\/wp-content\/uploads\/2020\/03\/norja09_12-768x512.jpg 768w\" sizes=\"(max-width: 800px) 85vw, 800px\" \/><figcaption class=\"wp-element-caption\">Suomalaisin silmin hiukan erikoinen etutelttaratkaisu on yleinen norjalaisten leirint\u00e4alueiden kausipaikoilla.\n<\/figcaption><\/figure>\n\n\n\n<figure class=\"wp-block-image\"><img loading=\"lazy\" decoding=\"async\" width=\"800\" height=\"534\" src=\"https:\/\/www.kaukinen.net\/wp-content\/uploads\/2020\/03\/norja09_13.jpg\" alt=\"\" class=\"wp-image-1041\" srcset=\"https:\/\/www.kaukinen.net\/wp-content\/uploads\/2020\/03\/norja09_13.jpg 800w, https:\/\/www.kaukinen.net\/wp-content\/uploads\/2020\/03\/norja09_13-300x200.jpg 300w, https:\/\/www.kaukinen.net\/wp-content\/uploads\/2020\/03\/norja09_13-768x513.jpg 768w\" sizes=\"(max-width: 800px) 85vw, 800px\" \/><figcaption class=\"wp-element-caption\"> Senja Camping hiukan korkeammalta katsottuna.\n<\/figcaption><\/figure>\n\n\n\n<figure class=\"wp-block-image\"><img loading=\"lazy\" decoding=\"async\" width=\"800\" height=\"533\" src=\"https:\/\/www.kaukinen.net\/wp-content\/uploads\/2020\/03\/norja09_14.jpg\" alt=\"\" class=\"wp-image-1040\" srcset=\"https:\/\/www.kaukinen.net\/wp-content\/uploads\/2020\/03\/norja09_14.jpg 800w, https:\/\/www.kaukinen.net\/wp-content\/uploads\/2020\/03\/norja09_14-300x200.jpg 300w, https:\/\/www.kaukinen.net\/wp-content\/uploads\/2020\/03\/norja09_14-768x512.jpg 768w\" sizes=\"(max-width: 800px) 85vw, 800px\" \/><figcaption class=\"wp-element-caption\">Matkalla yl\u00f6s tapasimme n\u00e4m\u00e4 hurjat villiel\u00e4imet.\n<\/figcaption><\/figure>\n\n\n\n<figure class=\"wp-block-image\"><img loading=\"lazy\" decoding=\"async\" width=\"800\" height=\"534\" src=\"https:\/\/www.kaukinen.net\/wp-content\/uploads\/2020\/03\/norja09_15.jpg\" alt=\"\" class=\"wp-image-1039\" srcset=\"https:\/\/www.kaukinen.net\/wp-content\/uploads\/2020\/03\/norja09_15.jpg 800w, https:\/\/www.kaukinen.net\/wp-content\/uploads\/2020\/03\/norja09_15-300x200.jpg 300w, https:\/\/www.kaukinen.net\/wp-content\/uploads\/2020\/03\/norja09_15-768x513.jpg 768w\" sizes=\"(max-width: 800px) 85vw, 800px\" \/><figcaption class=\"wp-element-caption\">Vaunu j\u00e4i leirint\u00e4aluelle, kun teimme retki\u00e4 ymp\u00e4ri saaren.\n<\/figcaption><\/figure>\n\n\n\n<figure class=\"wp-block-image\"><img loading=\"lazy\" decoding=\"async\" width=\"800\" height=\"533\" src=\"https:\/\/www.kaukinen.net\/wp-content\/uploads\/2020\/03\/norja09_16.jpg\" alt=\"\" class=\"wp-image-1038\" srcset=\"https:\/\/www.kaukinen.net\/wp-content\/uploads\/2020\/03\/norja09_16.jpg 800w, https:\/\/www.kaukinen.net\/wp-content\/uploads\/2020\/03\/norja09_16-300x200.jpg 300w, https:\/\/www.kaukinen.net\/wp-content\/uploads\/2020\/03\/norja09_16-768x512.jpg 768w\" sizes=\"(max-width: 800px) 85vw, 800px\" \/><figcaption class=\"wp-element-caption\">Pojilla oli hauskaa kun Markku heitteli niille lumipalloja. Kyltti tien reunassa kertoi ett\u00e4 olemme Kaperskaret-nimisess\u00e4 paikassa 367 metri\u00e4 merenpinnan yl\u00e4puolella. T\u00e4ss\u00e4 kohtaa kaiketi korkeammallakin.\n<\/figcaption><\/figure>\n\n\n\n<figure class=\"wp-block-image\"><img loading=\"lazy\" decoding=\"async\" width=\"800\" height=\"533\" src=\"https:\/\/www.kaukinen.net\/wp-content\/uploads\/2020\/03\/norja09_17.jpg\" alt=\"\" class=\"wp-image-1037\" srcset=\"https:\/\/www.kaukinen.net\/wp-content\/uploads\/2020\/03\/norja09_17.jpg 800w, https:\/\/www.kaukinen.net\/wp-content\/uploads\/2020\/03\/norja09_17-300x200.jpg 300w, https:\/\/www.kaukinen.net\/wp-content\/uploads\/2020\/03\/norja09_17-768x512.jpg 768w\" sizes=\"(max-width: 800px) 85vw, 800px\" \/><figcaption class=\"wp-element-caption\">T\u00e4\u00e4ll\u00e4 k\u00e4vimme kahvilla. Botnhamn on vieh\u00e4tt\u00e4v\u00e4 pieni kyl\u00e4, jossa on asukkaita noin 500.\n<\/figcaption><\/figure>\n\n\n\n<figure class=\"wp-block-image\"><img loading=\"lazy\" decoding=\"async\" width=\"800\" height=\"533\" src=\"https:\/\/www.kaukinen.net\/wp-content\/uploads\/2020\/03\/norja09_18.jpg\" alt=\"\" class=\"wp-image-1036\" srcset=\"https:\/\/www.kaukinen.net\/wp-content\/uploads\/2020\/03\/norja09_18.jpg 800w, https:\/\/www.kaukinen.net\/wp-content\/uploads\/2020\/03\/norja09_18-300x200.jpg 300w, https:\/\/www.kaukinen.net\/wp-content\/uploads\/2020\/03\/norja09_18-768x512.jpg 768w\" sizes=\"(max-width: 800px) 85vw, 800px\" \/><figcaption class=\"wp-element-caption\">N\u00e4m\u00e4 peikot Senjan saarella ovat p\u00e4\u00e4sseet kokonsa vuoksi Guinnessin enn\u00e4tysten kirjaan vuonna 1997. Tai oikeastaan vaimo on ilmestynyt kuvioihin vasta vuonna 2007. Herran korkeus on l\u00e4hes 18 metri\u00e4.\n<\/figcaption><\/figure>\n\n\n\n<figure class=\"wp-block-image\"><img loading=\"lazy\" decoding=\"async\" width=\"800\" height=\"533\" src=\"https:\/\/www.kaukinen.net\/wp-content\/uploads\/2020\/03\/norja09_19.jpg\" alt=\"\" class=\"wp-image-1035\" srcset=\"https:\/\/www.kaukinen.net\/wp-content\/uploads\/2020\/03\/norja09_19.jpg 800w, https:\/\/www.kaukinen.net\/wp-content\/uploads\/2020\/03\/norja09_19-300x200.jpg 300w, https:\/\/www.kaukinen.net\/wp-content\/uploads\/2020\/03\/norja09_19-768x512.jpg 768w\" sizes=\"(max-width: 800px) 85vw, 800px\" \/><\/figure>\n\n\n\n<figure class=\"wp-block-image\"><img loading=\"lazy\" decoding=\"async\" width=\"800\" height=\"533\" src=\"https:\/\/www.kaukinen.net\/wp-content\/uploads\/2020\/03\/norja09_20.jpg\" alt=\"\" class=\"wp-image-1034\" srcset=\"https:\/\/www.kaukinen.net\/wp-content\/uploads\/2020\/03\/norja09_20.jpg 800w, https:\/\/www.kaukinen.net\/wp-content\/uploads\/2020\/03\/norja09_20-300x200.jpg 300w, https:\/\/www.kaukinen.net\/wp-content\/uploads\/2020\/03\/norja09_20-768x512.jpg 768w\" sizes=\"(max-width: 800px) 85vw, 800px\" \/><\/figure>\n\n\n\n<figure class=\"wp-block-image\"><img loading=\"lazy\" decoding=\"async\" width=\"800\" height=\"533\" src=\"https:\/\/www.kaukinen.net\/wp-content\/uploads\/2020\/03\/norja09_21.jpg\" alt=\"\" class=\"wp-image-1033\" srcset=\"https:\/\/www.kaukinen.net\/wp-content\/uploads\/2020\/03\/norja09_21.jpg 800w, https:\/\/www.kaukinen.net\/wp-content\/uploads\/2020\/03\/norja09_21-300x200.jpg 300w, https:\/\/www.kaukinen.net\/wp-content\/uploads\/2020\/03\/norja09_21-768x512.jpg 768w\" sizes=\"(max-width: 800px) 85vw, 800px\" \/><\/figure>\n\n\n\n<figure class=\"wp-block-image\"><img loading=\"lazy\" decoding=\"async\" width=\"800\" height=\"533\" src=\"https:\/\/www.kaukinen.net\/wp-content\/uploads\/2020\/03\/norja09_22.jpg\" alt=\"\" class=\"wp-image-1032\" srcset=\"https:\/\/www.kaukinen.net\/wp-content\/uploads\/2020\/03\/norja09_22.jpg 800w, https:\/\/www.kaukinen.net\/wp-content\/uploads\/2020\/03\/norja09_22-300x200.jpg 300w, https:\/\/www.kaukinen.net\/wp-content\/uploads\/2020\/03\/norja09_22-768x512.jpg 768w\" sizes=\"(max-width: 800px) 85vw, 800px\" \/><\/figure>\n\n\n\n<figure class=\"wp-block-image\"><img loading=\"lazy\" decoding=\"async\" width=\"800\" height=\"533\" src=\"https:\/\/www.kaukinen.net\/wp-content\/uploads\/2020\/03\/norja09_23.jpg\" alt=\"\" class=\"wp-image-1031\" srcset=\"https:\/\/www.kaukinen.net\/wp-content\/uploads\/2020\/03\/norja09_23.jpg 800w, https:\/\/www.kaukinen.net\/wp-content\/uploads\/2020\/03\/norja09_23-300x200.jpg 300w, https:\/\/www.kaukinen.net\/wp-content\/uploads\/2020\/03\/norja09_23-768x512.jpg 768w\" sizes=\"(max-width: 800px) 85vw, 800px\" \/><figcaption class=\"wp-element-caption\">N\u00e4kym\u00e4 leirint\u00e4alueelta Tromssan keskustaan, jossa emme t\u00e4ll\u00e4 kertaa k\u00e4yneet ollenkaan. Kisojen ajaksi saimme pist\u00e4\u00e4 leirin pystyyn kisapaikalle.\n<\/figcaption><\/figure>\n\n\n\n<figure class=\"wp-block-image\"><img loading=\"lazy\" decoding=\"async\" width=\"800\" height=\"533\" src=\"https:\/\/www.kaukinen.net\/wp-content\/uploads\/2020\/03\/norja09_24.jpg\" alt=\"\" class=\"wp-image-1030\" srcset=\"https:\/\/www.kaukinen.net\/wp-content\/uploads\/2020\/03\/norja09_24.jpg 800w, https:\/\/www.kaukinen.net\/wp-content\/uploads\/2020\/03\/norja09_24-300x200.jpg 300w, https:\/\/www.kaukinen.net\/wp-content\/uploads\/2020\/03\/norja09_24-768x512.jpg 768w\" sizes=\"(max-width: 800px) 85vw, 800px\" \/><figcaption class=\"wp-element-caption\">Agilitykisat k\u00e4ytiin koirakerhon (Troms\u00f8 Hundeklubb) kent\u00e4ll\u00e4 Krokenissa.\n<\/figcaption><\/figure>\n","protected":false},"excerpt":{"rendered":"","protected":false},"author":1,"featured_media":0,"parent":319,"menu_order":0,"comment_status":"closed","ping_status":"closed","template":"","meta":{"footnotes":""},"jetpack_sharing_enabled":true,"_links":{"self":[{"href":"https:\/\/www.kaukinen.net\/index.php?rest_route=\/wp\/v2\/pages\/1054"}],"collection":[{"href":"https:\/\/www.kaukinen.net\/index.php?rest_route=\/wp\/v2\/pages"}],"about":[{"href":"https:\/\/www.kaukinen.net\/index.php?rest_route=\/wp\/v2\/types\/page"}],"author":[{"embeddable":true,"href":"https:\/\/www.kaukinen.net\/index.php?rest_route=\/wp\/v2\/users\/1"}],"replies":[{"embeddable":true,"href":"https:\/\/www.kaukinen.net\/index.php?rest_route=%2Fwp%2Fv2%2Fcomments&post=1054"}],"version-history":[{"count":5,"href":"https:\/\/www.kaukinen.net\/index.php?rest_route=\/wp\/v2\/pages\/1054\/revisions"}],"predecessor-version":[{"id":1975,"href":"https:\/\/www.kaukinen.net\/index.php?rest_route=\/wp\/v2\/pages\/1054\/revisions\/1975"}],"up":[{"embeddable":true,"href":"https:\/\/www.kaukinen.net\/index.php?rest_route=\/wp\/v2\/pages\/319"}],"wp:attachment":[{"href":"https:\/\/www.kaukinen.net\/index.php?rest_route=%2Fwp%2Fv2%2Fmedia&parent=1054"}],"curies":[{"name":"wp","href":"https:\/\/api.w.org\/{rel}","templated":true}]}}