{"id":958,"date":"2020-03-29T09:24:26","date_gmt":"2020-03-29T09:24:26","guid":{"rendered":"https:\/\/www.kaukinen.net\/?page_id=958"},"modified":"2023-07-09T10:24:46","modified_gmt":"2023-07-09T10:24:46","slug":"norja-heinakuu-2011","status":"publish","type":"page","link":"https:\/\/www.kaukinen.net\/?page_id=958","title":{"rendered":"Sognefjellet ja rannikkotie (Norja), kes\u00e4 2011"},"content":{"rendered":"\n<figure class=\"wp-block-image\"><img loading=\"lazy\" decoding=\"async\" width=\"711\" height=\"533\" src=\"https:\/\/www.kaukinen.net\/wp-content\/uploads\/2020\/03\/norja2011_01.jpg\" alt=\"\" class=\"wp-image-957\" srcset=\"https:\/\/www.kaukinen.net\/wp-content\/uploads\/2020\/03\/norja2011_01.jpg 711w, https:\/\/www.kaukinen.net\/wp-content\/uploads\/2020\/03\/norja2011_01-300x225.jpg 300w\" sizes=\"(max-width: 711px) 85vw, 711px\" \/><figcaption class=\"wp-element-caption\">Matkalla kohti Norjaa 4.7.2011. T\u00e4ll\u00e4 kertaa matkustimme ensin lautalla (Vaasa &#8211; Uumaja) ja sitten jatkoimme E4-tiet\u00e4 etel\u00e4\u00e4n. Lauttamatka kesti yli nelj\u00e4 tuntia ja oli tietysti v\u00e4h\u00e4n tyls\u00e4, mutta koirillakin oli ihan mukavat oltavat.<\/figcaption><\/figure>\n\n\n\n<figure class=\"wp-block-image\"><img loading=\"lazy\" decoding=\"async\" width=\"711\" height=\"533\" src=\"https:\/\/www.kaukinen.net\/wp-content\/uploads\/2020\/03\/norja2011_02.jpg\" alt=\"\" class=\"wp-image-956\" srcset=\"https:\/\/www.kaukinen.net\/wp-content\/uploads\/2020\/03\/norja2011_02.jpg 711w, https:\/\/www.kaukinen.net\/wp-content\/uploads\/2020\/03\/norja2011_02-300x225.jpg 300w\" sizes=\"(max-width: 711px) 85vw, 711px\" \/><figcaption class=\"wp-element-caption\">Ruotsissa pys\u00e4hdyttiin yhdeksi y\u00f6ksi (\u00d6verh\u00f6rn\u00e4s Camping).<\/figcaption><\/figure>\n\n\n\n<figure class=\"wp-block-image\"><img loading=\"lazy\" decoding=\"async\" width=\"714\" height=\"533\" src=\"https:\/\/www.kaukinen.net\/wp-content\/uploads\/2020\/03\/norja2011_03.jpg\" alt=\"\" class=\"wp-image-955\" srcset=\"https:\/\/www.kaukinen.net\/wp-content\/uploads\/2020\/03\/norja2011_03.jpg 714w, https:\/\/www.kaukinen.net\/wp-content\/uploads\/2020\/03\/norja2011_03-300x224.jpg 300w\" sizes=\"(max-width: 714px) 85vw, 714px\" \/><figcaption class=\"wp-element-caption\">Domb\u00e5s, Norja 6.7.2011 Pys\u00e4hdyttiin vain kahville.<\/figcaption><\/figure>\n\n\n\n<figure class=\"wp-block-image\"><img loading=\"lazy\" decoding=\"async\" width=\"800\" height=\"533\" src=\"https:\/\/www.kaukinen.net\/wp-content\/uploads\/2020\/03\/norja2011_04.jpg\" alt=\"\" class=\"wp-image-954\" srcset=\"https:\/\/www.kaukinen.net\/wp-content\/uploads\/2020\/03\/norja2011_04.jpg 800w, https:\/\/www.kaukinen.net\/wp-content\/uploads\/2020\/03\/norja2011_04-300x200.jpg 300w, https:\/\/www.kaukinen.net\/wp-content\/uploads\/2020\/03\/norja2011_04-768x512.jpg 768w\" sizes=\"(max-width: 800px) 85vw, 800px\" \/><figcaption class=\"wp-element-caption\">Nordal Turistsenter, Lom. T\u00e4m\u00e4 leirint\u00e4alue sijaitsee aivan kaupungin keskustassa. Kaupat ja kaupungin n\u00e4ht\u00e4vyydet sijaitsevat k\u00e4velymatkan p\u00e4\u00e4ss\u00e4. Vaunu laitettiin parkkiin useaksi p\u00e4iv\u00e4ksi ja autolla l\u00e4hdettiin katselemaan maisemia v\u00e4h\u00e4n kauemmas.<\/figcaption><\/figure>\n\n\n\n<figure class=\"wp-block-image\"><img loading=\"lazy\" decoding=\"async\" width=\"800\" height=\"533\" src=\"https:\/\/www.kaukinen.net\/wp-content\/uploads\/2020\/03\/norja2011_05.jpg\" alt=\"\" class=\"wp-image-953\" srcset=\"https:\/\/www.kaukinen.net\/wp-content\/uploads\/2020\/03\/norja2011_05.jpg 800w, https:\/\/www.kaukinen.net\/wp-content\/uploads\/2020\/03\/norja2011_05-300x200.jpg 300w, https:\/\/www.kaukinen.net\/wp-content\/uploads\/2020\/03\/norja2011_05-768x512.jpg 768w\" sizes=\"(max-width: 800px) 85vw, 800px\" \/><figcaption class=\"wp-element-caption\">Lom<\/figcaption><\/figure>\n\n\n\n<figure class=\"wp-block-image\"><img loading=\"lazy\" decoding=\"async\" width=\"800\" height=\"533\" src=\"https:\/\/www.kaukinen.net\/wp-content\/uploads\/2020\/03\/norja2011_06.jpg\" alt=\"\" class=\"wp-image-952\" srcset=\"https:\/\/www.kaukinen.net\/wp-content\/uploads\/2020\/03\/norja2011_06.jpg 800w, https:\/\/www.kaukinen.net\/wp-content\/uploads\/2020\/03\/norja2011_06-300x200.jpg 300w, https:\/\/www.kaukinen.net\/wp-content\/uploads\/2020\/03\/norja2011_06-768x512.jpg 768w\" sizes=\"(max-width: 800px) 85vw, 800px\" \/><figcaption class=\"wp-element-caption\">Lom stavkyrkje. Sauvakirkot ovat vuosien 1100 ja 1300 v\u00e4lill\u00e4 rakennettuja puisia kirkkoja, joita on s\u00e4ilynyt vain etel\u00e4isess\u00e4 Norjassa.<\/figcaption><\/figure>\n\n\n\n<figure class=\"wp-block-image\"><img loading=\"lazy\" decoding=\"async\" width=\"800\" height=\"533\" src=\"https:\/\/www.kaukinen.net\/wp-content\/uploads\/2020\/03\/norja2011_07.jpg\" alt=\"\" class=\"wp-image-951\" srcset=\"https:\/\/www.kaukinen.net\/wp-content\/uploads\/2020\/03\/norja2011_07.jpg 800w, https:\/\/www.kaukinen.net\/wp-content\/uploads\/2020\/03\/norja2011_07-300x200.jpg 300w, https:\/\/www.kaukinen.net\/wp-content\/uploads\/2020\/03\/norja2011_07-768x512.jpg 768w\" sizes=\"(max-width: 800px) 85vw, 800px\" \/><figcaption class=\"wp-element-caption\">Sama kirkko l\u00e4hemp\u00e4\u00e4.<\/figcaption><\/figure>\n\n\n\n<figure class=\"wp-block-image\"><img loading=\"lazy\" decoding=\"async\" width=\"800\" height=\"533\" src=\"https:\/\/www.kaukinen.net\/wp-content\/uploads\/2020\/03\/norja2011_08.jpg\" alt=\"\" class=\"wp-image-950\" srcset=\"https:\/\/www.kaukinen.net\/wp-content\/uploads\/2020\/03\/norja2011_08.jpg 800w, https:\/\/www.kaukinen.net\/wp-content\/uploads\/2020\/03\/norja2011_08-300x200.jpg 300w, https:\/\/www.kaukinen.net\/wp-content\/uploads\/2020\/03\/norja2011_08-768x512.jpg 768w\" sizes=\"(max-width: 800px) 85vw, 800px\" \/><figcaption class=\"wp-element-caption\">B\u00f8vra-joki<\/figcaption><\/figure>\n\n\n\n<figure class=\"wp-block-image\"><img loading=\"lazy\" decoding=\"async\" width=\"800\" height=\"533\" src=\"https:\/\/www.kaukinen.net\/wp-content\/uploads\/2020\/03\/norja2011_09.jpg\" alt=\"\" class=\"wp-image-949\" srcset=\"https:\/\/www.kaukinen.net\/wp-content\/uploads\/2020\/03\/norja2011_09.jpg 800w, https:\/\/www.kaukinen.net\/wp-content\/uploads\/2020\/03\/norja2011_09-300x200.jpg 300w, https:\/\/www.kaukinen.net\/wp-content\/uploads\/2020\/03\/norja2011_09-768x512.jpg 768w\" sizes=\"(max-width: 800px) 85vw, 800px\" \/><\/figure>\n\n\n\n<figure class=\"wp-block-image\"><img loading=\"lazy\" decoding=\"async\" width=\"800\" height=\"533\" src=\"https:\/\/www.kaukinen.net\/wp-content\/uploads\/2020\/03\/norja2011_10.jpg\" alt=\"\" class=\"wp-image-948\" srcset=\"https:\/\/www.kaukinen.net\/wp-content\/uploads\/2020\/03\/norja2011_10.jpg 800w, https:\/\/www.kaukinen.net\/wp-content\/uploads\/2020\/03\/norja2011_10-300x200.jpg 300w, https:\/\/www.kaukinen.net\/wp-content\/uploads\/2020\/03\/norja2011_10-768x512.jpg 768w\" sizes=\"(max-width: 800px) 85vw, 800px\" \/><figcaption class=\"wp-element-caption\">Presthaugen, ulkoilmamuseo, esittelee 1800-luvun rakennuksia.<\/figcaption><\/figure>\n\n\n\n<figure class=\"wp-block-image\"><img loading=\"lazy\" decoding=\"async\" width=\"800\" height=\"533\" src=\"https:\/\/www.kaukinen.net\/wp-content\/uploads\/2020\/03\/norja2011_11.jpg\" alt=\"\" class=\"wp-image-947\" srcset=\"https:\/\/www.kaukinen.net\/wp-content\/uploads\/2020\/03\/norja2011_11.jpg 800w, https:\/\/www.kaukinen.net\/wp-content\/uploads\/2020\/03\/norja2011_11-300x200.jpg 300w, https:\/\/www.kaukinen.net\/wp-content\/uploads\/2020\/03\/norja2011_11-768x512.jpg 768w\" sizes=\"(max-width: 800px) 85vw, 800px\" \/><\/figure>\n\n\n\n<figure class=\"wp-block-image\"><img loading=\"lazy\" decoding=\"async\" width=\"799\" height=\"533\" src=\"https:\/\/www.kaukinen.net\/wp-content\/uploads\/2020\/03\/norja2011_12.jpg\" alt=\"\" class=\"wp-image-946\" srcset=\"https:\/\/www.kaukinen.net\/wp-content\/uploads\/2020\/03\/norja2011_12.jpg 799w, https:\/\/www.kaukinen.net\/wp-content\/uploads\/2020\/03\/norja2011_12-300x200.jpg 300w, https:\/\/www.kaukinen.net\/wp-content\/uploads\/2020\/03\/norja2011_12-768x512.jpg 768w\" sizes=\"(max-width: 799px) 85vw, 799px\" \/><figcaption class=\"wp-element-caption\">Tie numero 55 v\u00e4lill\u00e4 Lom &#8211; Gaupne esittelee mahtavia maisemia ja huimia nousuja. Fantesteinen, 1 434 m merenpinnan yl\u00e4puolella, on t\u00e4m\u00e4n Sognefjellet -reitin ja koko Pohjois-Euroopan maanteiden korkein kohta.<\/figcaption><\/figure>\n\n\n\n<figure class=\"wp-block-image\"><img loading=\"lazy\" decoding=\"async\" width=\"800\" height=\"533\" src=\"https:\/\/www.kaukinen.net\/wp-content\/uploads\/2020\/03\/norja2011_13.jpg\" alt=\"\" class=\"wp-image-945\" srcset=\"https:\/\/www.kaukinen.net\/wp-content\/uploads\/2020\/03\/norja2011_13.jpg 800w, https:\/\/www.kaukinen.net\/wp-content\/uploads\/2020\/03\/norja2011_13-300x200.jpg 300w, https:\/\/www.kaukinen.net\/wp-content\/uploads\/2020\/03\/norja2011_13-768x512.jpg 768w\" sizes=\"(max-width: 800px) 85vw, 800px\" \/><\/figure>\n\n\n\n<figure class=\"wp-block-image\"><img loading=\"lazy\" decoding=\"async\" width=\"800\" height=\"533\" src=\"https:\/\/www.kaukinen.net\/wp-content\/uploads\/2020\/03\/norja2011_14.jpg\" alt=\"\" class=\"wp-image-944\" srcset=\"https:\/\/www.kaukinen.net\/wp-content\/uploads\/2020\/03\/norja2011_14.jpg 800w, https:\/\/www.kaukinen.net\/wp-content\/uploads\/2020\/03\/norja2011_14-300x200.jpg 300w, https:\/\/www.kaukinen.net\/wp-content\/uploads\/2020\/03\/norja2011_14-768x512.jpg 768w\" sizes=\"(max-width: 800px) 85vw, 800px\" \/><\/figure>\n\n\n\n<figure class=\"wp-block-image\"><img loading=\"lazy\" decoding=\"async\" width=\"800\" height=\"533\" src=\"https:\/\/www.kaukinen.net\/wp-content\/uploads\/2020\/03\/norja2011_15.jpg\" alt=\"\" class=\"wp-image-943\" srcset=\"https:\/\/www.kaukinen.net\/wp-content\/uploads\/2020\/03\/norja2011_15.jpg 800w, https:\/\/www.kaukinen.net\/wp-content\/uploads\/2020\/03\/norja2011_15-300x200.jpg 300w, https:\/\/www.kaukinen.net\/wp-content\/uploads\/2020\/03\/norja2011_15-768x512.jpg 768w\" sizes=\"(max-width: 800px) 85vw, 800px\" \/><\/figure>\n\n\n\n<figure class=\"wp-block-image\"><img loading=\"lazy\" decoding=\"async\" width=\"800\" height=\"533\" src=\"https:\/\/www.kaukinen.net\/wp-content\/uploads\/2020\/03\/norja2011_16.jpg\" alt=\"\" class=\"wp-image-942\" srcset=\"https:\/\/www.kaukinen.net\/wp-content\/uploads\/2020\/03\/norja2011_16.jpg 800w, https:\/\/www.kaukinen.net\/wp-content\/uploads\/2020\/03\/norja2011_16-300x200.jpg 300w, https:\/\/www.kaukinen.net\/wp-content\/uploads\/2020\/03\/norja2011_16-768x512.jpg 768w\" sizes=\"(max-width: 800px) 85vw, 800px\" \/><figcaption class=\"wp-element-caption\">Mejfellet. T\u00e4lt\u00e4 lev\u00e4hdysalueelta p\u00e4\u00e4si tekem\u00e4\u00e4n pienen k\u00e4velylenkin. Taideteoksen on tehnyt Knut Wold.<\/figcaption><\/figure>\n\n\n\n<figure class=\"wp-block-image\"><img loading=\"lazy\" decoding=\"async\" width=\"800\" height=\"533\" src=\"https:\/\/www.kaukinen.net\/wp-content\/uploads\/2020\/03\/norja2011_17.jpg\" alt=\"\" class=\"wp-image-941\" srcset=\"https:\/\/www.kaukinen.net\/wp-content\/uploads\/2020\/03\/norja2011_17.jpg 800w, https:\/\/www.kaukinen.net\/wp-content\/uploads\/2020\/03\/norja2011_17-300x200.jpg 300w, https:\/\/www.kaukinen.net\/wp-content\/uploads\/2020\/03\/norja2011_17-768x512.jpg 768w\" sizes=\"(max-width: 800px) 85vw, 800px\" \/><\/figure>\n\n\n\n<figure class=\"wp-block-image\"><img loading=\"lazy\" decoding=\"async\" width=\"800\" height=\"533\" src=\"https:\/\/www.kaukinen.net\/wp-content\/uploads\/2020\/03\/norja2011_18.jpg\" alt=\"\" class=\"wp-image-940\" srcset=\"https:\/\/www.kaukinen.net\/wp-content\/uploads\/2020\/03\/norja2011_18.jpg 800w, https:\/\/www.kaukinen.net\/wp-content\/uploads\/2020\/03\/norja2011_18-300x200.jpg 300w, https:\/\/www.kaukinen.net\/wp-content\/uploads\/2020\/03\/norja2011_18-768x512.jpg 768w\" sizes=\"(max-width: 800px) 85vw, 800px\" \/><figcaption class=\"wp-element-caption\">Lev\u00e4hdysalue, edelleen tiell\u00e4 55 matkalla Gaupnen suuntaan.<\/figcaption><\/figure>\n\n\n\n<figure class=\"wp-block-image\"><img loading=\"lazy\" decoding=\"async\" width=\"800\" height=\"533\" src=\"https:\/\/www.kaukinen.net\/wp-content\/uploads\/2020\/03\/norja2011_19.jpg\" alt=\"\" class=\"wp-image-939\" srcset=\"https:\/\/www.kaukinen.net\/wp-content\/uploads\/2020\/03\/norja2011_19.jpg 800w, https:\/\/www.kaukinen.net\/wp-content\/uploads\/2020\/03\/norja2011_19-300x200.jpg 300w, https:\/\/www.kaukinen.net\/wp-content\/uploads\/2020\/03\/norja2011_19-768x512.jpg 768w\" sizes=\"(max-width: 800px) 85vw, 800px\" \/><\/figure>\n\n\n\n<figure class=\"wp-block-image\"><img loading=\"lazy\" decoding=\"async\" width=\"800\" height=\"533\" src=\"https:\/\/www.kaukinen.net\/wp-content\/uploads\/2020\/03\/norja2011_20.jpg\" alt=\"\" class=\"wp-image-938\" srcset=\"https:\/\/www.kaukinen.net\/wp-content\/uploads\/2020\/03\/norja2011_20.jpg 800w, https:\/\/www.kaukinen.net\/wp-content\/uploads\/2020\/03\/norja2011_20-300x200.jpg 300w, https:\/\/www.kaukinen.net\/wp-content\/uploads\/2020\/03\/norja2011_20-768x512.jpg 768w\" sizes=\"(max-width: 800px) 85vw, 800px\" \/><figcaption class=\"wp-element-caption\">Feigumfossen. T\u00e4m\u00e4 vesiputous on 218 metri\u00e4 korkea ja se sijaitsee Lusterfjorden-vuonon etel\u00e4puolella. Kuva on kuitenkin otettu edelleen tien 55 varrelta vuonon yli.<\/figcaption><\/figure>\n\n\n\n<figure class=\"wp-block-image\"><img loading=\"lazy\" decoding=\"async\" width=\"800\" height=\"533\" src=\"https:\/\/www.kaukinen.net\/wp-content\/uploads\/2020\/03\/norja2011_21.jpg\" alt=\"\" class=\"wp-image-937\" srcset=\"https:\/\/www.kaukinen.net\/wp-content\/uploads\/2020\/03\/norja2011_21.jpg 800w, https:\/\/www.kaukinen.net\/wp-content\/uploads\/2020\/03\/norja2011_21-300x200.jpg 300w, https:\/\/www.kaukinen.net\/wp-content\/uploads\/2020\/03\/norja2011_21-768x512.jpg 768w\" sizes=\"(max-width: 800px) 85vw, 800px\" \/><figcaption class=\"wp-element-caption\">T\u00e4ss\u00e4 ollaan poikettu tielt\u00e4 55 Galdesandin kohdalta. Juvasshytta on l\u00e4ht\u00f6paikka Galhd\u00f8piggen-vuorelle, joka on Norja korkein vuori.<\/figcaption><\/figure>\n\n\n\n<figure class=\"wp-block-image\"><img loading=\"lazy\" decoding=\"async\" width=\"799\" height=\"533\" src=\"https:\/\/www.kaukinen.net\/wp-content\/uploads\/2020\/03\/norja2011_22.jpg\" alt=\"\" class=\"wp-image-936\" srcset=\"https:\/\/www.kaukinen.net\/wp-content\/uploads\/2020\/03\/norja2011_22.jpg 799w, https:\/\/www.kaukinen.net\/wp-content\/uploads\/2020\/03\/norja2011_22-300x200.jpg 300w, https:\/\/www.kaukinen.net\/wp-content\/uploads\/2020\/03\/norja2011_22-768x512.jpg 768w\" sizes=\"(max-width: 799px) 85vw, 799px\" \/><\/figure>\n\n\n\n<figure class=\"wp-block-image\"><img loading=\"lazy\" decoding=\"async\" width=\"800\" height=\"533\" src=\"https:\/\/www.kaukinen.net\/wp-content\/uploads\/2020\/03\/norja2011_23.jpg\" alt=\"\" class=\"wp-image-935\" srcset=\"https:\/\/www.kaukinen.net\/wp-content\/uploads\/2020\/03\/norja2011_23.jpg 800w, https:\/\/www.kaukinen.net\/wp-content\/uploads\/2020\/03\/norja2011_23-300x200.jpg 300w, https:\/\/www.kaukinen.net\/wp-content\/uploads\/2020\/03\/norja2011_23-768x512.jpg 768w\" sizes=\"(max-width: 800px) 85vw, 800px\" \/><figcaption class=\"wp-element-caption\">8.7.2011 poikettiin taas valtatielt\u00e4 55. Tindevegen Turtagr\u00f8n ja \u00d8vre \u00c5rdalin v\u00e4lill\u00e4 on 32 kilometrin pituinen kaunis tie.<\/figcaption><\/figure>\n\n\n\n<figure class=\"wp-block-image\"><img loading=\"lazy\" decoding=\"async\" width=\"800\" height=\"533\" src=\"https:\/\/www.kaukinen.net\/wp-content\/uploads\/2020\/03\/norja2011_24.jpg\" alt=\"\" class=\"wp-image-934\" srcset=\"https:\/\/www.kaukinen.net\/wp-content\/uploads\/2020\/03\/norja2011_24.jpg 800w, https:\/\/www.kaukinen.net\/wp-content\/uploads\/2020\/03\/norja2011_24-300x200.jpg 300w, https:\/\/www.kaukinen.net\/wp-content\/uploads\/2020\/03\/norja2011_24-768x512.jpg 768w\" sizes=\"(max-width: 800px) 85vw, 800px\" \/><\/figure>\n\n\n\n<figure class=\"wp-block-image\"><img loading=\"lazy\" decoding=\"async\" width=\"800\" height=\"533\" src=\"https:\/\/www.kaukinen.net\/wp-content\/uploads\/2020\/03\/norja2011_25.jpg\" alt=\"\" class=\"wp-image-933\" srcset=\"https:\/\/www.kaukinen.net\/wp-content\/uploads\/2020\/03\/norja2011_25.jpg 800w, https:\/\/www.kaukinen.net\/wp-content\/uploads\/2020\/03\/norja2011_25-300x200.jpg 300w, https:\/\/www.kaukinen.net\/wp-content\/uploads\/2020\/03\/norja2011_25-768x512.jpg 768w\" sizes=\"(max-width: 800px) 85vw, 800px\" \/><figcaption class=\"wp-element-caption\">Matka jatkuu pohjoiseen. 10.7.2011 ajettiin Lomista Melhusiin. Majapaikkana on \u00d8ysand Camping, josta on matkaa Trondheimiin 25 kilometri\u00e4.<\/figcaption><\/figure>\n\n\n\n<figure class=\"wp-block-image\"><img loading=\"lazy\" decoding=\"async\" width=\"800\" height=\"533\" src=\"https:\/\/www.kaukinen.net\/wp-content\/uploads\/2020\/03\/norja2011_26.jpg\" alt=\"\" class=\"wp-image-932\" srcset=\"https:\/\/www.kaukinen.net\/wp-content\/uploads\/2020\/03\/norja2011_26.jpg 800w, https:\/\/www.kaukinen.net\/wp-content\/uploads\/2020\/03\/norja2011_26-300x200.jpg 300w, https:\/\/www.kaukinen.net\/wp-content\/uploads\/2020\/03\/norja2011_26-768x512.jpg 768w\" sizes=\"(max-width: 800px) 85vw, 800px\" \/><figcaption class=\"wp-element-caption\">Aloitimme Trondheimiin tutustumisen kiipe\u00e4m\u00e4ll\u00e4 Nidarosin tuomiokirkon torniin.<\/figcaption><\/figure>\n\n\n\n<figure class=\"wp-block-image\"><img loading=\"lazy\" decoding=\"async\" width=\"800\" height=\"533\" src=\"https:\/\/www.kaukinen.net\/wp-content\/uploads\/2020\/03\/norja2011_27.jpg\" alt=\"\" class=\"wp-image-931\" srcset=\"https:\/\/www.kaukinen.net\/wp-content\/uploads\/2020\/03\/norja2011_27.jpg 800w, https:\/\/www.kaukinen.net\/wp-content\/uploads\/2020\/03\/norja2011_27-300x200.jpg 300w, https:\/\/www.kaukinen.net\/wp-content\/uploads\/2020\/03\/norja2011_27-768x512.jpg 768w\" sizes=\"(max-width: 800px) 85vw, 800px\" \/><\/figure>\n\n\n\n<figure class=\"wp-block-image\"><img loading=\"lazy\" decoding=\"async\" width=\"800\" height=\"533\" src=\"https:\/\/www.kaukinen.net\/wp-content\/uploads\/2020\/03\/norja2011_28.jpg\" alt=\"\" class=\"wp-image-930\" srcset=\"https:\/\/www.kaukinen.net\/wp-content\/uploads\/2020\/03\/norja2011_28.jpg 800w, https:\/\/www.kaukinen.net\/wp-content\/uploads\/2020\/03\/norja2011_28-300x200.jpg 300w, https:\/\/www.kaukinen.net\/wp-content\/uploads\/2020\/03\/norja2011_28-768x512.jpg 768w\" sizes=\"(max-width: 800px) 85vw, 800px\" \/><\/figure>\n\n\n\n<figure class=\"wp-block-image\"><img loading=\"lazy\" decoding=\"async\" width=\"800\" height=\"533\" src=\"https:\/\/www.kaukinen.net\/wp-content\/uploads\/2020\/03\/norja2011_29.jpg\" alt=\"\" class=\"wp-image-929\" srcset=\"https:\/\/www.kaukinen.net\/wp-content\/uploads\/2020\/03\/norja2011_29.jpg 800w, https:\/\/www.kaukinen.net\/wp-content\/uploads\/2020\/03\/norja2011_29-300x200.jpg 300w, https:\/\/www.kaukinen.net\/wp-content\/uploads\/2020\/03\/norja2011_29-768x512.jpg 768w\" sizes=\"(max-width: 800px) 85vw, 800px\" \/><\/figure>\n\n\n\n<figure class=\"wp-block-image\"><img loading=\"lazy\" decoding=\"async\" width=\"800\" height=\"533\" src=\"https:\/\/www.kaukinen.net\/wp-content\/uploads\/2020\/03\/norja2011_30.jpg\" alt=\"\" class=\"wp-image-928\" srcset=\"https:\/\/www.kaukinen.net\/wp-content\/uploads\/2020\/03\/norja2011_30.jpg 800w, https:\/\/www.kaukinen.net\/wp-content\/uploads\/2020\/03\/norja2011_30-300x200.jpg 300w, https:\/\/www.kaukinen.net\/wp-content\/uploads\/2020\/03\/norja2011_30-768x512.jpg 768w\" sizes=\"(max-width: 800px) 85vw, 800px\" \/><\/figure>\n\n\n\n<figure class=\"wp-block-image\"><img loading=\"lazy\" decoding=\"async\" width=\"799\" height=\"533\" src=\"https:\/\/www.kaukinen.net\/wp-content\/uploads\/2020\/03\/norja2011_31.jpg\" alt=\"\" class=\"wp-image-927\" srcset=\"https:\/\/www.kaukinen.net\/wp-content\/uploads\/2020\/03\/norja2011_31.jpg 799w, https:\/\/www.kaukinen.net\/wp-content\/uploads\/2020\/03\/norja2011_31-300x200.jpg 300w, https:\/\/www.kaukinen.net\/wp-content\/uploads\/2020\/03\/norja2011_31-768x512.jpg 768w\" sizes=\"(max-width: 799px) 85vw, 799px\" \/><\/figure>\n\n\n\n<figure class=\"wp-block-image\"><img loading=\"lazy\" decoding=\"async\" width=\"800\" height=\"533\" src=\"https:\/\/www.kaukinen.net\/wp-content\/uploads\/2020\/03\/norja2011_32.jpg\" alt=\"\" class=\"wp-image-926\" srcset=\"https:\/\/www.kaukinen.net\/wp-content\/uploads\/2020\/03\/norja2011_32.jpg 800w, https:\/\/www.kaukinen.net\/wp-content\/uploads\/2020\/03\/norja2011_32-300x200.jpg 300w, https:\/\/www.kaukinen.net\/wp-content\/uploads\/2020\/03\/norja2011_32-768x512.jpg 768w\" sizes=\"(max-width: 800px) 85vw, 800px\" \/><figcaption class=\"wp-element-caption\">Nidelva-joki virtaa l\u00e4pi Trondheimin.<\/figcaption><\/figure>\n\n\n\n<figure class=\"wp-block-image\"><img loading=\"lazy\" decoding=\"async\" width=\"800\" height=\"533\" src=\"https:\/\/www.kaukinen.net\/wp-content\/uploads\/2020\/03\/norja2011_33.jpg\" alt=\"\" class=\"wp-image-925\" srcset=\"https:\/\/www.kaukinen.net\/wp-content\/uploads\/2020\/03\/norja2011_33.jpg 800w, https:\/\/www.kaukinen.net\/wp-content\/uploads\/2020\/03\/norja2011_33-300x200.jpg 300w, https:\/\/www.kaukinen.net\/wp-content\/uploads\/2020\/03\/norja2011_33-768x512.jpg 768w\" sizes=\"(max-width: 800px) 85vw, 800px\" \/><figcaption class=\"wp-element-caption\">Puutaloja Kj\u00f8pmannsgatanilla.<\/figcaption><\/figure>\n\n\n\n<figure class=\"wp-block-image\"><img loading=\"lazy\" decoding=\"async\" width=\"800\" height=\"533\" src=\"https:\/\/www.kaukinen.net\/wp-content\/uploads\/2020\/03\/norja2011_34.jpg\" alt=\"\" class=\"wp-image-924\" srcset=\"https:\/\/www.kaukinen.net\/wp-content\/uploads\/2020\/03\/norja2011_34.jpg 800w, https:\/\/www.kaukinen.net\/wp-content\/uploads\/2020\/03\/norja2011_34-300x200.jpg 300w, https:\/\/www.kaukinen.net\/wp-content\/uploads\/2020\/03\/norja2011_34-768x512.jpg 768w\" sizes=\"(max-width: 800px) 85vw, 800px\" \/><figcaption class=\"wp-element-caption\">Kristianstenin linnake rakennettiin vuosina 1682 &#8211; 1684 suojaamaan kaupunkia id\u00e4st\u00e4 tulevalta hy\u00f6kk\u00e4ykselt\u00e4. Vuonna 1718 linnaketta todella tarvittiinkin, kun Carl Gustav Armfeldt l\u00e4hti valloittamaan Trondheimia.<\/figcaption><\/figure>\n\n\n\n<figure class=\"wp-block-image\"><img loading=\"lazy\" decoding=\"async\" width=\"800\" height=\"533\" src=\"https:\/\/www.kaukinen.net\/wp-content\/uploads\/2020\/03\/norja2011_35.jpg\" alt=\"\" class=\"wp-image-923\" srcset=\"https:\/\/www.kaukinen.net\/wp-content\/uploads\/2020\/03\/norja2011_35.jpg 800w, https:\/\/www.kaukinen.net\/wp-content\/uploads\/2020\/03\/norja2011_35-300x200.jpg 300w, https:\/\/www.kaukinen.net\/wp-content\/uploads\/2020\/03\/norja2011_35-768x512.jpg 768w\" sizes=\"(max-width: 800px) 85vw, 800px\" \/><figcaption class=\"wp-element-caption\">Ruotsalaisten sotajoukkojen kannalta &#8211; mukana muuten my\u00f6s suomalaisia miehi\u00e4 &#8211; hy\u00f6kk\u00e4ys ei ollut menestys. Ruotsin kuninkaan kuolema keskeytti huonosti sujuneen operaation. Paluumatkalla suuri osa sotajoukoista kuoli lumimyrskyss\u00e4 Norjan tuntureilla.<\/figcaption><\/figure>\n\n\n\n<figure class=\"wp-block-image\"><img loading=\"lazy\" decoding=\"async\" width=\"800\" height=\"533\" src=\"https:\/\/www.kaukinen.net\/wp-content\/uploads\/2020\/03\/norja2011_36.jpg\" alt=\"\" class=\"wp-image-922\" srcset=\"https:\/\/www.kaukinen.net\/wp-content\/uploads\/2020\/03\/norja2011_36.jpg 800w, https:\/\/www.kaukinen.net\/wp-content\/uploads\/2020\/03\/norja2011_36-300x200.jpg 300w, https:\/\/www.kaukinen.net\/wp-content\/uploads\/2020\/03\/norja2011_36-768x512.jpg 768w\" sizes=\"(max-width: 800px) 85vw, 800px\" \/><figcaption class=\"wp-element-caption\"> N\u00e4kym\u00e4 linnakkeelta kaupunkiin. Nidarosin tuomiokirkko oikealla.<\/figcaption><\/figure>\n\n\n\n<figure class=\"wp-block-image\"><img loading=\"lazy\" decoding=\"async\" width=\"800\" height=\"533\" src=\"https:\/\/www.kaukinen.net\/wp-content\/uploads\/2020\/03\/norja2011_37.jpg\" alt=\"\" class=\"wp-image-921\" srcset=\"https:\/\/www.kaukinen.net\/wp-content\/uploads\/2020\/03\/norja2011_37.jpg 800w, https:\/\/www.kaukinen.net\/wp-content\/uploads\/2020\/03\/norja2011_37-300x200.jpg 300w, https:\/\/www.kaukinen.net\/wp-content\/uploads\/2020\/03\/norja2011_37-768x512.jpg 768w\" sizes=\"(max-width: 800px) 85vw, 800px\" \/><figcaption class=\"wp-element-caption\">Ringven kasvitieteellisess\u00e4 puutarhassa oli mm. renessanssityylinen puisto.<\/figcaption><\/figure>\n\n\n\n<figure class=\"wp-block-image\"><img loading=\"lazy\" decoding=\"async\" width=\"799\" height=\"533\" src=\"https:\/\/www.kaukinen.net\/wp-content\/uploads\/2020\/03\/norja2011_38.jpg\" alt=\"\" class=\"wp-image-920\" srcset=\"https:\/\/www.kaukinen.net\/wp-content\/uploads\/2020\/03\/norja2011_38.jpg 799w, https:\/\/www.kaukinen.net\/wp-content\/uploads\/2020\/03\/norja2011_38-300x200.jpg 300w, https:\/\/www.kaukinen.net\/wp-content\/uploads\/2020\/03\/norja2011_38-768x512.jpg 768w\" sizes=\"(max-width: 799px) 85vw, 799px\" \/><figcaption class=\"wp-element-caption\">Viel\u00e4 muutama kuva leirint\u00e4alueelta ennen kuin matka jatkuu eteenp\u00e4in kohti rannikkotiet\u00e4.<\/figcaption><\/figure>\n\n\n\n<figure class=\"wp-block-image\"><img loading=\"lazy\" decoding=\"async\" width=\"800\" height=\"533\" src=\"https:\/\/www.kaukinen.net\/wp-content\/uploads\/2020\/03\/norja2011_39.jpg\" alt=\"\" class=\"wp-image-919\" srcset=\"https:\/\/www.kaukinen.net\/wp-content\/uploads\/2020\/03\/norja2011_39.jpg 800w, https:\/\/www.kaukinen.net\/wp-content\/uploads\/2020\/03\/norja2011_39-300x200.jpg 300w, https:\/\/www.kaukinen.net\/wp-content\/uploads\/2020\/03\/norja2011_39-768x512.jpg 768w\" sizes=\"(max-width: 800px) 85vw, 800px\" \/><\/figure>\n\n\n\n<figure class=\"wp-block-image\"><img loading=\"lazy\" decoding=\"async\" width=\"800\" height=\"533\" src=\"https:\/\/www.kaukinen.net\/wp-content\/uploads\/2020\/03\/norja2011_40.jpg\" alt=\"\" class=\"wp-image-918\" srcset=\"https:\/\/www.kaukinen.net\/wp-content\/uploads\/2020\/03\/norja2011_40.jpg 800w, https:\/\/www.kaukinen.net\/wp-content\/uploads\/2020\/03\/norja2011_40-300x200.jpg 300w, https:\/\/www.kaukinen.net\/wp-content\/uploads\/2020\/03\/norja2011_40-768x512.jpg 768w\" sizes=\"(max-width: 800px) 85vw, 800px\" \/><\/figure>\n\n\n\n<figure class=\"wp-block-image\"><img loading=\"lazy\" decoding=\"async\" width=\"800\" height=\"533\" src=\"https:\/\/www.kaukinen.net\/wp-content\/uploads\/2020\/03\/norja2011_41.jpg\" alt=\"\" class=\"wp-image-917\" srcset=\"https:\/\/www.kaukinen.net\/wp-content\/uploads\/2020\/03\/norja2011_41.jpg 800w, https:\/\/www.kaukinen.net\/wp-content\/uploads\/2020\/03\/norja2011_41-300x200.jpg 300w, https:\/\/www.kaukinen.net\/wp-content\/uploads\/2020\/03\/norja2011_41-768x512.jpg 768w\" sizes=\"(max-width: 800px) 85vw, 800px\" \/><figcaption class=\"wp-element-caption\">Namsos 14.7.2011. Kystriksveienin eli tien 17 tutkiminen aloitettu. Rannikkoreitti kulkee v\u00e4lill\u00e4 Steinkjer &#8211; Bod\u00f8 ja on vaihtoehto tielle E6. Lauttamatkoja tulee rannikkoreitti\u00e4 pitkin seitsem\u00e4n.<\/figcaption><\/figure>\n\n\n\n<figure class=\"wp-block-image\"><img loading=\"lazy\" decoding=\"async\" width=\"800\" height=\"533\" src=\"https:\/\/www.kaukinen.net\/wp-content\/uploads\/2020\/03\/norja2011_42.jpg\" alt=\"\" class=\"wp-image-916\" srcset=\"https:\/\/www.kaukinen.net\/wp-content\/uploads\/2020\/03\/norja2011_42.jpg 800w, https:\/\/www.kaukinen.net\/wp-content\/uploads\/2020\/03\/norja2011_42-300x200.jpg 300w, https:\/\/www.kaukinen.net\/wp-content\/uploads\/2020\/03\/norja2011_42-768x512.jpg 768w\" sizes=\"(max-width: 800px) 85vw, 800px\" \/><figcaption class=\"wp-element-caption\">N\u00e4k\u00f6alapaikka Klompen-vuorella.<\/figcaption><\/figure>\n\n\n\n<figure class=\"wp-block-image\"><img loading=\"lazy\" decoding=\"async\" width=\"800\" height=\"533\" src=\"https:\/\/www.kaukinen.net\/wp-content\/uploads\/2020\/03\/norja2011_43.jpg\" alt=\"\" class=\"wp-image-915\" srcset=\"https:\/\/www.kaukinen.net\/wp-content\/uploads\/2020\/03\/norja2011_43.jpg 800w, https:\/\/www.kaukinen.net\/wp-content\/uploads\/2020\/03\/norja2011_43-300x200.jpg 300w, https:\/\/www.kaukinen.net\/wp-content\/uploads\/2020\/03\/norja2011_43-768x512.jpg 768w\" sizes=\"(max-width: 800px) 85vw, 800px\" \/><\/figure>\n\n\n\n<figure class=\"wp-block-image\"><img loading=\"lazy\" decoding=\"async\" width=\"800\" height=\"533\" src=\"https:\/\/www.kaukinen.net\/wp-content\/uploads\/2020\/03\/norja2011_44.jpg\" alt=\"\" class=\"wp-image-914\" srcset=\"https:\/\/www.kaukinen.net\/wp-content\/uploads\/2020\/03\/norja2011_44.jpg 800w, https:\/\/www.kaukinen.net\/wp-content\/uploads\/2020\/03\/norja2011_44-300x200.jpg 300w, https:\/\/www.kaukinen.net\/wp-content\/uploads\/2020\/03\/norja2011_44-768x512.jpg 768w\" sizes=\"(max-width: 800px) 85vw, 800px\" \/><\/figure>\n\n\n\n<figure class=\"wp-block-image\"><img loading=\"lazy\" decoding=\"async\" width=\"800\" height=\"533\" src=\"https:\/\/www.kaukinen.net\/wp-content\/uploads\/2020\/03\/norja2011_45.jpg\" alt=\"\" class=\"wp-image-913\" srcset=\"https:\/\/www.kaukinen.net\/wp-content\/uploads\/2020\/03\/norja2011_45.jpg 800w, https:\/\/www.kaukinen.net\/wp-content\/uploads\/2020\/03\/norja2011_45-300x200.jpg 300w, https:\/\/www.kaukinen.net\/wp-content\/uploads\/2020\/03\/norja2011_45-768x512.jpg 768w\" sizes=\"(max-width: 800px) 85vw, 800px\" \/><figcaption class=\"wp-element-caption\"> Namsos Camping<\/figcaption><\/figure>\n\n\n\n<figure class=\"wp-block-image\"><img loading=\"lazy\" decoding=\"async\" width=\"800\" height=\"533\" src=\"https:\/\/www.kaukinen.net\/wp-content\/uploads\/2020\/03\/norja2011_46.jpg\" alt=\"\" class=\"wp-image-912\" srcset=\"https:\/\/www.kaukinen.net\/wp-content\/uploads\/2020\/03\/norja2011_46.jpg 800w, https:\/\/www.kaukinen.net\/wp-content\/uploads\/2020\/03\/norja2011_46-300x200.jpg 300w, https:\/\/www.kaukinen.net\/wp-content\/uploads\/2020\/03\/norja2011_46-768x512.jpg 768w\" sizes=\"(max-width: 800px) 85vw, 800px\" \/><figcaption class=\"wp-element-caption\">Leirint\u00e4alueelta sai vuokrata t\u00e4mm\u00f6isen kulkupelin. &#8221;Polkupy\u00f6r\u00e4resiinalla&#8221; p\u00e4\u00e4si ajamaan vanhaa rautatiet\u00e4 12 kilometrin matkan, jonka j\u00e4lkeen h\u00e4rveli k\u00e4\u00e4nnettiin ja poljettiin samaa tiet\u00e4 takaisin.<\/figcaption><\/figure>\n\n\n\n<figure class=\"wp-block-image\"><img loading=\"lazy\" decoding=\"async\" width=\"800\" height=\"533\" src=\"https:\/\/www.kaukinen.net\/wp-content\/uploads\/2020\/03\/norja2011_47.jpg\" alt=\"\" class=\"wp-image-911\" srcset=\"https:\/\/www.kaukinen.net\/wp-content\/uploads\/2020\/03\/norja2011_47.jpg 800w, https:\/\/www.kaukinen.net\/wp-content\/uploads\/2020\/03\/norja2011_47-300x200.jpg 300w, https:\/\/www.kaukinen.net\/wp-content\/uploads\/2020\/03\/norja2011_47-768x512.jpg 768w\" sizes=\"(max-width: 800px) 85vw, 800px\" \/><\/figure>\n\n\n\n<figure class=\"wp-block-image\"><img loading=\"lazy\" decoding=\"async\" width=\"799\" height=\"533\" src=\"https:\/\/www.kaukinen.net\/wp-content\/uploads\/2020\/03\/norja2011_48.jpg\" alt=\"\" class=\"wp-image-910\" srcset=\"https:\/\/www.kaukinen.net\/wp-content\/uploads\/2020\/03\/norja2011_48.jpg 799w, https:\/\/www.kaukinen.net\/wp-content\/uploads\/2020\/03\/norja2011_48-300x200.jpg 300w, https:\/\/www.kaukinen.net\/wp-content\/uploads\/2020\/03\/norja2011_48-768x512.jpg 768w\" sizes=\"(max-width: 799px) 85vw, 799px\" \/><figcaption class=\"wp-element-caption\">Holm 15.7.2011, josta lautalla Vennesundiin.<\/figcaption><\/figure>\n\n\n\n<figure class=\"wp-block-image\"><img loading=\"lazy\" decoding=\"async\" width=\"800\" height=\"533\" src=\"https:\/\/www.kaukinen.net\/wp-content\/uploads\/2020\/03\/norja2011_49.jpg\" alt=\"\" class=\"wp-image-909\" srcset=\"https:\/\/www.kaukinen.net\/wp-content\/uploads\/2020\/03\/norja2011_49.jpg 800w, https:\/\/www.kaukinen.net\/wp-content\/uploads\/2020\/03\/norja2011_49-300x200.jpg 300w, https:\/\/www.kaukinen.net\/wp-content\/uploads\/2020\/03\/norja2011_49-768x512.jpg 768w\" sizes=\"(max-width: 800px) 85vw, 800px\" \/><figcaption class=\"wp-element-caption\">15.7.2011 Torghatten, Br\u00f8nn\u00f8y. Torghattenin tekee kuuluisaksi j\u00e4\u00e4kauden muovaama tunneli vuoren l\u00e4pi.<\/figcaption><\/figure>\n\n\n\n<figure class=\"wp-block-image\"><img loading=\"lazy\" decoding=\"async\" width=\"800\" height=\"533\" src=\"https:\/\/www.kaukinen.net\/wp-content\/uploads\/2020\/03\/norja2011_50.jpg\" alt=\"\" class=\"wp-image-908\" srcset=\"https:\/\/www.kaukinen.net\/wp-content\/uploads\/2020\/03\/norja2011_50.jpg 800w, https:\/\/www.kaukinen.net\/wp-content\/uploads\/2020\/03\/norja2011_50-300x200.jpg 300w, https:\/\/www.kaukinen.net\/wp-content\/uploads\/2020\/03\/norja2011_50-768x512.jpg 768w\" sizes=\"(max-width: 800px) 85vw, 800px\" \/><figcaption class=\"wp-element-caption\">Kiipe\u00e4minen kohti reik\u00e4\u00e4 oli melko helppoa.<\/figcaption><\/figure>\n\n\n\n<figure class=\"wp-block-image\"><img loading=\"lazy\" decoding=\"async\" width=\"800\" height=\"533\" src=\"https:\/\/www.kaukinen.net\/wp-content\/uploads\/2020\/03\/norja2011_51.jpg\" alt=\"\" class=\"wp-image-907\" srcset=\"https:\/\/www.kaukinen.net\/wp-content\/uploads\/2020\/03\/norja2011_51.jpg 800w, https:\/\/www.kaukinen.net\/wp-content\/uploads\/2020\/03\/norja2011_51-300x200.jpg 300w, https:\/\/www.kaukinen.net\/wp-content\/uploads\/2020\/03\/norja2011_51-768x512.jpg 768w\" sizes=\"(max-width: 800px) 85vw, 800px\" \/><figcaption class=\"wp-element-caption\"> Reik\u00e4 on noin 160 metri\u00e4 pitk\u00e4 ja 20 metri\u00e4 leve\u00e4.<\/figcaption><\/figure>\n\n\n\n<figure class=\"wp-block-image\"><img loading=\"lazy\" decoding=\"async\" width=\"799\" height=\"533\" src=\"https:\/\/www.kaukinen.net\/wp-content\/uploads\/2020\/03\/norja2011_52.jpg\" alt=\"\" class=\"wp-image-906\" srcset=\"https:\/\/www.kaukinen.net\/wp-content\/uploads\/2020\/03\/norja2011_52.jpg 799w, https:\/\/www.kaukinen.net\/wp-content\/uploads\/2020\/03\/norja2011_52-300x200.jpg 300w, https:\/\/www.kaukinen.net\/wp-content\/uploads\/2020\/03\/norja2011_52-768x512.jpg 768w\" sizes=\"(max-width: 799px) 85vw, 799px\" \/><\/figure>\n\n\n\n<figure class=\"wp-block-image\"><img loading=\"lazy\" decoding=\"async\" width=\"800\" height=\"533\" src=\"https:\/\/www.kaukinen.net\/wp-content\/uploads\/2020\/03\/norja2011_53.jpg\" alt=\"\" class=\"wp-image-905\" srcset=\"https:\/\/www.kaukinen.net\/wp-content\/uploads\/2020\/03\/norja2011_53.jpg 800w, https:\/\/www.kaukinen.net\/wp-content\/uploads\/2020\/03\/norja2011_53-300x200.jpg 300w, https:\/\/www.kaukinen.net\/wp-content\/uploads\/2020\/03\/norja2011_53-768x512.jpg 768w\" sizes=\"(max-width: 800px) 85vw, 800px\" \/><figcaption class=\"wp-element-caption\">Seuraavana p\u00e4iv\u00e4n\u00e4 kierrettiin vuoren toiselle puolellle, kiivettiin yl\u00f6s ja k\u00e4veltiin vuoren l\u00e4pi.<\/figcaption><\/figure>\n\n\n\n<figure class=\"wp-block-image\"><img loading=\"lazy\" decoding=\"async\" width=\"799\" height=\"533\" src=\"https:\/\/www.kaukinen.net\/wp-content\/uploads\/2020\/03\/norja2011_54.jpg\" alt=\"\" class=\"wp-image-904\" srcset=\"https:\/\/www.kaukinen.net\/wp-content\/uploads\/2020\/03\/norja2011_54.jpg 799w, https:\/\/www.kaukinen.net\/wp-content\/uploads\/2020\/03\/norja2011_54-300x200.jpg 300w, https:\/\/www.kaukinen.net\/wp-content\/uploads\/2020\/03\/norja2011_54-768x512.jpg 768w\" sizes=\"(max-width: 799px) 85vw, 799px\" \/><figcaption class=\"wp-element-caption\">Jussi nosti kovan metelin huomattuaan illalla vaunun ikkunasta t\u00e4m\u00e4n pikku veijarin.<\/figcaption><\/figure>\n\n\n\n<figure class=\"wp-block-image\"><img loading=\"lazy\" decoding=\"async\" width=\"800\" height=\"533\" src=\"https:\/\/www.kaukinen.net\/wp-content\/uploads\/2020\/03\/norja2011_55.jpg\" alt=\"\" class=\"wp-image-903\" srcset=\"https:\/\/www.kaukinen.net\/wp-content\/uploads\/2020\/03\/norja2011_55.jpg 800w, https:\/\/www.kaukinen.net\/wp-content\/uploads\/2020\/03\/norja2011_55-300x200.jpg 300w, https:\/\/www.kaukinen.net\/wp-content\/uploads\/2020\/03\/norja2011_55-768x512.jpg 768w\" sizes=\"(max-width: 800px) 85vw, 800px\" \/><figcaption class=\"wp-element-caption\">T\u00e4ss\u00e4 kuvassa vahtikoira ei taida n\u00e4ytt\u00e4\u00e4 kovin valppaalta.<\/figcaption><\/figure>\n\n\n\n<figure class=\"wp-block-image\"><img loading=\"lazy\" decoding=\"async\" width=\"800\" height=\"533\" src=\"https:\/\/www.kaukinen.net\/wp-content\/uploads\/2020\/03\/norja2011_56.jpg\" alt=\"\" class=\"wp-image-902\" srcset=\"https:\/\/www.kaukinen.net\/wp-content\/uploads\/2020\/03\/norja2011_56.jpg 800w, https:\/\/www.kaukinen.net\/wp-content\/uploads\/2020\/03\/norja2011_56-300x200.jpg 300w, https:\/\/www.kaukinen.net\/wp-content\/uploads\/2020\/03\/norja2011_56-768x512.jpg 768w\" sizes=\"(max-width: 800px) 85vw, 800px\" \/><figcaption class=\"wp-element-caption\">Horn 17.7.2011. Edess\u00e4 20 minuutin lauttamatka Anddalsv\u00e5giin.<\/figcaption><\/figure>\n\n\n\n<figure class=\"wp-block-image\"><img loading=\"lazy\" decoding=\"async\" width=\"799\" height=\"533\" src=\"https:\/\/www.kaukinen.net\/wp-content\/uploads\/2020\/03\/norja2011_57.jpg\" alt=\"\" class=\"wp-image-901\" srcset=\"https:\/\/www.kaukinen.net\/wp-content\/uploads\/2020\/03\/norja2011_57.jpg 799w, https:\/\/www.kaukinen.net\/wp-content\/uploads\/2020\/03\/norja2011_57-300x200.jpg 300w, https:\/\/www.kaukinen.net\/wp-content\/uploads\/2020\/03\/norja2011_57-768x512.jpg 768w\" sizes=\"(max-width: 799px) 85vw, 799px\" \/><figcaption class=\"wp-element-caption\">Forvik 17.7.2011. Tulossa tunnin pituinen lauttamatka Tj\u00f8ttaan.<\/figcaption><\/figure>\n\n\n\n<figure class=\"wp-block-image\"><img loading=\"lazy\" decoding=\"async\" width=\"800\" height=\"533\" src=\"https:\/\/www.kaukinen.net\/wp-content\/uploads\/2020\/03\/norja2011_58.jpg\" alt=\"\" class=\"wp-image-900\" srcset=\"https:\/\/www.kaukinen.net\/wp-content\/uploads\/2020\/03\/norja2011_58.jpg 800w, https:\/\/www.kaukinen.net\/wp-content\/uploads\/2020\/03\/norja2011_58-300x200.jpg 300w, https:\/\/www.kaukinen.net\/wp-content\/uploads\/2020\/03\/norja2011_58-768x512.jpg 768w\" sizes=\"(max-width: 800px) 85vw, 800px\" \/><figcaption class=\"wp-element-caption\">De syv s\u00f8stre. Vuorijono &#8221;Seitsem\u00e4n sisarusta\u201d. <\/figcaption><\/figure>\n\n\n\n<figure class=\"wp-block-image\"><img loading=\"lazy\" decoding=\"async\" width=\"800\" height=\"533\" src=\"https:\/\/www.kaukinen.net\/wp-content\/uploads\/2020\/03\/norja2011_59.jpg\" alt=\"\" class=\"wp-image-899\" srcset=\"https:\/\/www.kaukinen.net\/wp-content\/uploads\/2020\/03\/norja2011_59.jpg 800w, https:\/\/www.kaukinen.net\/wp-content\/uploads\/2020\/03\/norja2011_59-300x200.jpg 300w, https:\/\/www.kaukinen.net\/wp-content\/uploads\/2020\/03\/norja2011_59-768x512.jpg 768w\" sizes=\"(max-width: 800px) 85vw, 800px\" \/><\/figure>\n\n\n\n<figure class=\"wp-block-image\"><img loading=\"lazy\" decoding=\"async\" width=\"800\" height=\"533\" src=\"https:\/\/www.kaukinen.net\/wp-content\/uploads\/2020\/03\/norja2011_60.jpg\" alt=\"\" class=\"wp-image-898\" srcset=\"https:\/\/www.kaukinen.net\/wp-content\/uploads\/2020\/03\/norja2011_60.jpg 800w, https:\/\/www.kaukinen.net\/wp-content\/uploads\/2020\/03\/norja2011_60-300x200.jpg 300w, https:\/\/www.kaukinen.net\/wp-content\/uploads\/2020\/03\/norja2011_60-768x512.jpg 768w\" sizes=\"(max-width: 800px) 85vw, 800px\" \/><figcaption class=\"wp-element-caption\">Tj\u00f8tta<\/figcaption><\/figure>\n\n\n\n<figure class=\"wp-block-image\"><img loading=\"lazy\" decoding=\"async\" width=\"800\" height=\"533\" src=\"https:\/\/www.kaukinen.net\/wp-content\/uploads\/2020\/03\/norja2011_61.jpg\" alt=\"\" class=\"wp-image-897\" srcset=\"https:\/\/www.kaukinen.net\/wp-content\/uploads\/2020\/03\/norja2011_61.jpg 800w, https:\/\/www.kaukinen.net\/wp-content\/uploads\/2020\/03\/norja2011_61-300x200.jpg 300w, https:\/\/www.kaukinen.net\/wp-content\/uploads\/2020\/03\/norja2011_61-768x512.jpg 768w\" sizes=\"(max-width: 800px) 85vw, 800px\" \/><figcaption class=\"wp-element-caption\">Helgelandsbrua, Sandnessj\u00f8en. Silta on 1 065 metri\u00e4 pitk\u00e4. <\/figcaption><\/figure>\n\n\n\n<figure class=\"wp-block-image\"><img loading=\"lazy\" decoding=\"async\" width=\"800\" height=\"533\" src=\"https:\/\/www.kaukinen.net\/wp-content\/uploads\/2020\/03\/norja2011_62.jpg\" alt=\"\" class=\"wp-image-896\" srcset=\"https:\/\/www.kaukinen.net\/wp-content\/uploads\/2020\/03\/norja2011_62.jpg 800w, https:\/\/www.kaukinen.net\/wp-content\/uploads\/2020\/03\/norja2011_62-300x200.jpg 300w, https:\/\/www.kaukinen.net\/wp-content\/uploads\/2020\/03\/norja2011_62-768x512.jpg 768w\" sizes=\"(max-width: 800px) 85vw, 800px\" \/><figcaption class=\"wp-element-caption\">Kleivhalsen. Lur\u00f8yn seutu oli todella kaunista, mutta valitettavasti lev\u00e4hdyspaikat olivat aivan t\u00e4ynn\u00e4. Poikkeuksena t\u00e4m\u00e4 isompi lev\u00e4hdysalue, jolla Putte poseeraa.<\/figcaption><\/figure>\n\n\n\n<figure class=\"wp-block-image\"><img loading=\"lazy\" decoding=\"async\" width=\"800\" height=\"533\" src=\"https:\/\/www.kaukinen.net\/wp-content\/uploads\/2020\/03\/norja2011_63.jpg\" alt=\"\" class=\"wp-image-895\" srcset=\"https:\/\/www.kaukinen.net\/wp-content\/uploads\/2020\/03\/norja2011_63.jpg 800w, https:\/\/www.kaukinen.net\/wp-content\/uploads\/2020\/03\/norja2011_63-300x200.jpg 300w, https:\/\/www.kaukinen.net\/wp-content\/uploads\/2020\/03\/norja2011_63-768x512.jpg 768w\" sizes=\"(max-width: 800px) 85vw, 800px\" \/><\/figure>\n\n\n\n<figure class=\"wp-block-image\"><img loading=\"lazy\" decoding=\"async\" width=\"800\" height=\"533\" src=\"https:\/\/www.kaukinen.net\/wp-content\/uploads\/2020\/03\/norja2011_64.jpg\" alt=\"\" class=\"wp-image-894\" srcset=\"https:\/\/www.kaukinen.net\/wp-content\/uploads\/2020\/03\/norja2011_64.jpg 800w, https:\/\/www.kaukinen.net\/wp-content\/uploads\/2020\/03\/norja2011_64-300x200.jpg 300w, https:\/\/www.kaukinen.net\/wp-content\/uploads\/2020\/03\/norja2011_64-768x512.jpg 768w\" sizes=\"(max-width: 800px) 85vw, 800px\" \/><figcaption class=\"wp-element-caption\">17.7.2011 Polarcamp, Hilstad<\/figcaption><\/figure>\n\n\n\n<figure class=\"wp-block-image\"><img loading=\"lazy\" decoding=\"async\" width=\"800\" height=\"533\" src=\"https:\/\/www.kaukinen.net\/wp-content\/uploads\/2020\/03\/norja2011_65.jpg\" alt=\"\" class=\"wp-image-893\" srcset=\"https:\/\/www.kaukinen.net\/wp-content\/uploads\/2020\/03\/norja2011_65.jpg 800w, https:\/\/www.kaukinen.net\/wp-content\/uploads\/2020\/03\/norja2011_65-300x200.jpg 300w, https:\/\/www.kaukinen.net\/wp-content\/uploads\/2020\/03\/norja2011_65-768x512.jpg 768w\" sizes=\"(max-width: 800px) 85vw, 800px\" \/><\/figure>\n\n\n\n<figure class=\"wp-block-image\"><img loading=\"lazy\" decoding=\"async\" width=\"800\" height=\"533\" src=\"https:\/\/www.kaukinen.net\/wp-content\/uploads\/2020\/03\/norja2011_66.jpg\" alt=\"\" class=\"wp-image-892\" srcset=\"https:\/\/www.kaukinen.net\/wp-content\/uploads\/2020\/03\/norja2011_66.jpg 800w, https:\/\/www.kaukinen.net\/wp-content\/uploads\/2020\/03\/norja2011_66-300x200.jpg 300w, https:\/\/www.kaukinen.net\/wp-content\/uploads\/2020\/03\/norja2011_66-768x512.jpg 768w\" sizes=\"(max-width: 800px) 85vw, 800px\" \/><figcaption class=\"wp-element-caption\">Her\u00e4tyskello soi aivan liian aikaisin Epun mielest\u00e4.<\/figcaption><\/figure>\n\n\n\n<figure class=\"wp-block-image\"><img loading=\"lazy\" decoding=\"async\" width=\"800\" height=\"533\" src=\"https:\/\/www.kaukinen.net\/wp-content\/uploads\/2020\/03\/norja2011_67.jpg\" alt=\"\" class=\"wp-image-891\" srcset=\"https:\/\/www.kaukinen.net\/wp-content\/uploads\/2020\/03\/norja2011_67.jpg 800w, https:\/\/www.kaukinen.net\/wp-content\/uploads\/2020\/03\/norja2011_67-300x200.jpg 300w, https:\/\/www.kaukinen.net\/wp-content\/uploads\/2020\/03\/norja2011_67-768x512.jpg 768w\" sizes=\"(max-width: 800px) 85vw, 800px\" \/><figcaption class=\"wp-element-caption\">Mutta oli ehditt\u00e4v\u00e4 lautalle. Kilboghavn &#8211; Jektvik -v\u00e4lill\u00e4 n\u00e4kyi leirint\u00e4alue, josta juuri l\u00e4hdettiin.<\/figcaption><\/figure>\n\n\n\n<figure class=\"wp-block-image\"><img loading=\"lazy\" decoding=\"async\" width=\"800\" height=\"533\" src=\"https:\/\/www.kaukinen.net\/wp-content\/uploads\/2020\/03\/norja2011_68.jpg\" alt=\"\" class=\"wp-image-890\" srcset=\"https:\/\/www.kaukinen.net\/wp-content\/uploads\/2020\/03\/norja2011_68.jpg 800w, https:\/\/www.kaukinen.net\/wp-content\/uploads\/2020\/03\/norja2011_68-300x200.jpg 300w, https:\/\/www.kaukinen.net\/wp-content\/uploads\/2020\/03\/norja2011_68-768x512.jpg 768w\" sizes=\"(max-width: 800px) 85vw, 800px\" \/><figcaption class=\"wp-element-caption\">Kilboghavn &#8211; Jektvik 18.7.2011. T\u00e4m\u00e4n lauttamatkan aikana ylitettiin napapiiri.<\/figcaption><\/figure>\n\n\n\n<figure class=\"wp-block-image\"><img loading=\"lazy\" decoding=\"async\" width=\"799\" height=\"533\" src=\"https:\/\/www.kaukinen.net\/wp-content\/uploads\/2020\/03\/norja2011_69.jpg\" alt=\"\" class=\"wp-image-889\" srcset=\"https:\/\/www.kaukinen.net\/wp-content\/uploads\/2020\/03\/norja2011_69.jpg 799w, https:\/\/www.kaukinen.net\/wp-content\/uploads\/2020\/03\/norja2011_69-300x200.jpg 300w, https:\/\/www.kaukinen.net\/wp-content\/uploads\/2020\/03\/norja2011_69-768x512.jpg 768w\" sizes=\"(max-width: 799px) 85vw, 799px\" \/><figcaption class=\"wp-element-caption\">\u00c5gskardetin ja ja Glomfjordin v\u00e4lill\u00e4 tielt\u00e4 Rv17 n\u00e4kee Svartiseniin, joka on Norjan toiseksi suurin j\u00e4\u00e4tikk\u00f6.<\/figcaption><\/figure>\n\n\n\n<figure class=\"wp-block-image\"><img loading=\"lazy\" decoding=\"async\" width=\"800\" height=\"533\" src=\"https:\/\/www.kaukinen.net\/wp-content\/uploads\/2020\/03\/norja2011_70.jpg\" alt=\"\" class=\"wp-image-888\" srcset=\"https:\/\/www.kaukinen.net\/wp-content\/uploads\/2020\/03\/norja2011_70.jpg 800w, https:\/\/www.kaukinen.net\/wp-content\/uploads\/2020\/03\/norja2011_70-300x200.jpg 300w, https:\/\/www.kaukinen.net\/wp-content\/uploads\/2020\/03\/norja2011_70-768x512.jpg 768w\" sizes=\"(max-width: 800px) 85vw, 800px\" \/><\/figure>\n\n\n\n<figure class=\"wp-block-image\"><img loading=\"lazy\" decoding=\"async\" width=\"799\" height=\"533\" src=\"https:\/\/www.kaukinen.net\/wp-content\/uploads\/2020\/03\/norja2011_71.jpg\" alt=\"\" class=\"wp-image-887\" srcset=\"https:\/\/www.kaukinen.net\/wp-content\/uploads\/2020\/03\/norja2011_71.jpg 799w, https:\/\/www.kaukinen.net\/wp-content\/uploads\/2020\/03\/norja2011_71-300x200.jpg 300w, https:\/\/www.kaukinen.net\/wp-content\/uploads\/2020\/03\/norja2011_71-768x512.jpg 768w\" sizes=\"(max-width: 799px) 85vw, 799px\" \/><figcaption class=\"wp-element-caption\">Matkalla kohti Tromssaa, tarkempi sijainti unohtunut.<\/figcaption><\/figure>\n\n\n\n<figure class=\"wp-block-image\"><img loading=\"lazy\" decoding=\"async\" width=\"600\" height=\"439\" src=\"https:\/\/www.kaukinen.net\/wp-content\/uploads\/2020\/03\/norja2011_72.jpg\" alt=\"\" class=\"wp-image-886\" srcset=\"https:\/\/www.kaukinen.net\/wp-content\/uploads\/2020\/03\/norja2011_72.jpg 600w, https:\/\/www.kaukinen.net\/wp-content\/uploads\/2020\/03\/norja2011_72-300x220.jpg 300w\" sizes=\"(max-width: 600px) 85vw, 600px\" \/><figcaption class=\"wp-element-caption\">Riitta otti t\u00e4m\u00e4n kuvan Tromssassa.<\/figcaption><\/figure>\n","protected":false},"excerpt":{"rendered":"","protected":false},"author":1,"featured_media":0,"parent":319,"menu_order":0,"comment_status":"closed","ping_status":"closed","template":"","meta":{"footnotes":""},"jetpack_sharing_enabled":true,"_links":{"self":[{"href":"https:\/\/www.kaukinen.net\/index.php?rest_route=\/wp\/v2\/pages\/958"}],"collection":[{"href":"https:\/\/www.kaukinen.net\/index.php?rest_route=\/wp\/v2\/pages"}],"about":[{"href":"https:\/\/www.kaukinen.net\/index.php?rest_route=\/wp\/v2\/types\/page"}],"author":[{"embeddable":true,"href":"https:\/\/www.kaukinen.net\/index.php?rest_route=\/wp\/v2\/users\/1"}],"replies":[{"embeddable":true,"href":"https:\/\/www.kaukinen.net\/index.php?rest_route=%2Fwp%2Fv2%2Fcomments&post=958"}],"version-history":[{"count":6,"href":"https:\/\/www.kaukinen.net\/index.php?rest_route=\/wp\/v2\/pages\/958\/revisions"}],"predecessor-version":[{"id":2031,"href":"https:\/\/www.kaukinen.net\/index.php?rest_route=\/wp\/v2\/pages\/958\/revisions\/2031"}],"up":[{"embeddable":true,"href":"https:\/\/www.kaukinen.net\/index.php?rest_route=\/wp\/v2\/pages\/319"}],"wp:attachment":[{"href":"https:\/\/www.kaukinen.net\/index.php?rest_route=%2Fwp%2Fv2%2Fmedia&parent=958"}],"curies":[{"name":"wp","href":"https:\/\/api.w.org\/{rel}","templated":true}]}}